{"id":1529,"date":"2017-03-05T15:29:55","date_gmt":"2017-03-05T13:29:55","guid":{"rendered":"http:\/\/mtrigalou.com\/?page_id=1529"},"modified":"2018-05-25T17:32:00","modified_gmt":"2018-05-25T15:32:00","slug":"a-fleurs-de-pots-2","status":"publish","type":"page","link":"https:\/\/mtrigalou.com\/?page_id=1529","title":{"rendered":"A FLEURS DE POTS"},"content":{"rendered":"<p>Que dire des photos que je vous pr\u00e9sente\u00a0?<\/p>\n<p>Le titre, les images parlent d\u2019eux-m\u00eames. J\u2019ai simplement tent\u00e9 d\u2019avoir mon regard sur l\u2019art floral.<\/p>\n<p>Il s\u2019agit du dernier volet d\u2019une \u00ab\u00a0trilogie v\u00e9g\u00e9tale\u00a0\u00bb r\u00e9alis\u00e9e depuis quelques ann\u00e9es. Apr\u00e8s \u00ab\u00a0Velout\u00e9 de l\u00e9gume\u00a0\u00bb, apr\u00e8s \u00ab\u00a0Portrait de fruits\u00a0\u00bb, \u00a0je vous pr\u00e9sente \u00ab\u00a0A fleurs de pots\u00a0\u00bb.<\/p>\n<p>Certes, je pourrais avoir un discours philosophico-\u00e9cologico-socio-je ne sais trop quoi\u2026 sur ma d\u00e9marche, sur la vie et le sort de toutes ces fleurs coup\u00e9es que l\u2019on aime avoir dans des vases pour enfin les jeter quelques jours plus tard. On les cultive, parfois \u00e0 l\u2019autre bout de la plan\u00e8te, on les fait cueillir par de la main d\u2019\u0153uvre bon march\u00e9, on les transporte par avion, par camion pollueurs pour \u00eatre s\u00fbr de les vendre bien fra\u00eeches et \u00e9panouies, on les ach\u00e8te, on les offre en de multiples occasions, sp\u00e9cialement pour les maintenir en survie quelques jours et les admirer \u00e9go\u00efstement.<\/p>\n<p>Et \u00e0 la fin, on les jette sans aucun\u00a0 \u00e9tat d\u2019\u00e2me\u2026\u2026<\/p>\n<p>&nbsp;<\/p>\n<p>Oh ! de l&rsquo;air ! des parfums ! des fleurs pour me nourrir !<br \/>\nIl semble que les fleurs alimentent ma vie ;<br \/>\nMais elles vont mourir&#8230;. Ah ! je leurs porte envie :<br \/>\nMourir jeune, au soleil, Dieu ! que c&rsquo;est bien mourir ! \u2026\u2026.<\/p>\n<p>&nbsp;<\/p>\n<p>Extrait de \u2018\u2019Les Fleurs\u2019\u2019 de<br \/>\n<a href=\"http:\/\/www.poesie-francaise.fr\/poemes-marceline-desbordes-valmore\/\">Marceline Desbordes-Valmore<\/a><strong> (1786-1859)<\/strong><\/p>\n","protected":false},"excerpt":{"rendered":"<p>Que dire des photos que je vous pr\u00e9sente\u00a0? Le titre, les images parlent d\u2019eux-m\u00eames. J\u2019ai simplement tent\u00e9 d\u2019avoir mon regard sur l\u2019art floral. Il s\u2019agit du dernier volet d\u2019une \u00ab\u00a0trilogie v\u00e9g\u00e9tale\u00a0\u00bb r\u00e9alis\u00e9e depuis quelques ann\u00e9es. Apr\u00e8s \u00ab\u00a0Velout\u00e9 de l\u00e9gume\u00a0\u00bb, apr\u00e8s \u00ab\u00a0Portrait de fruits\u00a0\u00bb, \u00a0je vous pr\u00e9sente \u00ab\u00a0A fleurs de pots\u00a0\u00bb. Certes, je pourrais avoir un [&hellip;]<\/p>\n","protected":false},"author":1,"featured_media":1475,"parent":27,"menu_order":0,"comment_status":"open","ping_status":"open","template":"template-gallery-4.php","meta":[],"_links":{"self":[{"href":"https:\/\/mtrigalou.com\/index.php?rest_route=\/wp\/v2\/pages\/1529"}],"collection":[{"href":"https:\/\/mtrigalou.com\/index.php?rest_route=\/wp\/v2\/pages"}],"about":[{"href":"https:\/\/mtrigalou.com\/index.php?rest_route=\/wp\/v2\/types\/page"}],"author":[{"embeddable":true,"href":"https:\/\/mtrigalou.com\/index.php?rest_route=\/wp\/v2\/users\/1"}],"replies":[{"embeddable":true,"href":"https:\/\/mtrigalou.com\/index.php?rest_route=%2Fwp%2Fv2%2Fcomments&post=1529"}],"version-history":[{"count":3,"href":"https:\/\/mtrigalou.com\/index.php?rest_route=\/wp\/v2\/pages\/1529\/revisions"}],"predecessor-version":[{"id":1930,"href":"https:\/\/mtrigalou.com\/index.php?rest_route=\/wp\/v2\/pages\/1529\/revisions\/1930"}],"up":[{"embeddable":true,"href":"https:\/\/mtrigalou.com\/index.php?rest_route=\/wp\/v2\/pages\/27"}],"wp:featuredmedia":[{"embeddable":true,"href":"https:\/\/mtrigalou.com\/index.php?rest_route=\/wp\/v2\/media\/1475"}],"wp:attachment":[{"href":"https:\/\/mtrigalou.com\/index.php?rest_route=%2Fwp%2Fv2%2Fmedia&parent=1529"}],"curies":[{"name":"wp","href":"https:\/\/api.w.org\/{rel}","templated":true}]}}